{"id":969,"date":"2018-10-30T12:28:01","date_gmt":"2018-10-30T11:28:01","guid":{"rendered":"https:\/\/www.carre-f.com\/magasin-73\/?page_id=969"},"modified":"2019-05-16T17:27:32","modified_gmt":"2019-05-16T15:27:32","slug":"luminaires-ampoules","status":"publish","type":"page","link":"https:\/\/www.carre-f.com\/magasin-73\/luminaires-ampoules\/","title":{"rendered":"Luminaires > Ampoules"},"content":{"rendered":"<p>[et_pb_section fb_built=&#8221;1&#8243; disabled_on=&#8221;on|on|&#8221; admin_label=&#8221;Section en-tete ordinateurs&#8221; _builder_version=&#8221;3.17.2&#8243; custom_padding=&#8221;0|0px|0|0px|false|false&#8221; global_module=&#8221;71&#8243; saved_tabs=&#8221;all&#8221;][et_pb_row use_custom_width=&#8221;on&#8221; width_unit=&#8221;off&#8221; custom_width_percent=&#8221;100%&#8221; custom_padding=&#8221;27px|0px|13px|0px|false|false&#8221; disabled_on=&#8221;off|off|off&#8221; admin_label=&#8221;Ent\u00eate site menu rapide &#8211; postes&#8221; _builder_version=&#8221;3.17.2&#8243; background_color=&#8221;#ffffff&#8221; background_image=&#8221;https:\/\/www.carre-f.com\/magasin-73\/wp-content\/uploads\/2018\/10\/logo-entete2.jpg&#8221; background_size=&#8221;contain&#8221; background_position=&#8221;center_left&#8221;][et_pb_column type=&#8221;4_4&#8243; _builder_version=&#8221;3.0.47&#8243;][et_pb_text admin_label=&#8221;Texte Carre \u00e9quipe votre maison&#8221; _builder_version=&#8221;3.17.2&#8243; text_font_size=&#8221;13px&#8221; background_size=&#8221;initial&#8221; background_position=&#8221;center_left&#8221; custom_padding=&#8221;2px|30px||&#8221; custom_padding_tablet=&#8221;|0px||&#8221; custom_padding_last_edited=&#8221;on|desktop&#8221; animation_style=&#8221;slide&#8221; animation_direction=&#8221;right&#8221; animation_duration=&#8221;1900ms&#8221;]<\/p>\n<p style=\"text-align: right;\">Carre \u00e9quipe votre maison depuis 45 ans | Magasin Carre La Baronnie 73330 Le Pont-de-Beauvoisin\u00a0 \u00a0<a href=\"https:\/\/www.facebook.com\/Carre-Pont-De-Beauvoisin-73-1447138085501074\/\" target=\"_blank\" rel=\"noopener noreferrer\"><img loading=\"lazy\" decoding=\"async\" class=\"image-centre alignnone wp-image-31 size-full\" title=\"Suivre les actualit\u00e9s du magasin sur notre page Facebook !\" src=\"https:\/\/www.carre-f.com\/magasin-73\/wp-content\/uploads\/2018\/10\/min-facebook.jpg\" alt=\"Facebook - Suivez Carre sur les r\u00e9seaux sociaux\" width=\"22\" height=\"22\" \/><\/a><\/p>\n<p>[\/et_pb_text][et_pb_text admin_label=&#8221;Menu acc\u00e8s rapide&#8221; _builder_version=&#8221;3.21&#8243; text_font=&#8221;|||on|||||&#8221; text_font_size=&#8221;16px&#8221; background_size=&#8221;initial&#8221; background_position=&#8221;center_left&#8221; text_orientation=&#8221;right&#8221; custom_padding=&#8221;|30px||&#8221; custom_padding_tablet=&#8221;|0px||&#8221; custom_padding_last_edited=&#8221;on|desktop&#8221; link_option_url=&#8221;https:\/\/www.carre-f.com\/magasin-73\/&#8221;]<\/p>\n<p><a href=\"https:\/\/www.carre-f.com\/magasin-73\/\"><img loading=\"lazy\" decoding=\"async\" class=\"image-centre alignnone wp-image-43 size-full\" src=\"https:\/\/www.carre-f.com\/magasin-73\/wp-content\/uploads\/2018\/10\/1.accueil.jpg\" alt=\"menu accueil - Carre\" width=\"23\" height=\"23\" \/><\/a>\u00a0<strong><a href=\"https:\/\/www.carre-f.com\/magasin-73\/\">Accueil<\/a><\/strong>\u00a0 \u00a0<a href=\"https:\/\/www.carre-f.com\/magasin-73\/infos-pratiques\/\"><img loading=\"lazy\" decoding=\"async\" class=\"image-centre alignnone wp-image-44 size-full\" src=\"https:\/\/www.carre-f.com\/magasin-73\/wp-content\/uploads\/2018\/10\/2.infospratiques.jpg\" alt=\"menu infos pratiques - Carre\" width=\"23\" height=\"23\" \/><strong><span style=\"color: #2e2e2e;\">Infos pratiques<\/span><\/strong><\/a>\u00a0 \u00a0<a href=\"https:\/\/www.carre-f.com\/magasin-73\/services-techniques-et-sav\/\"><img loading=\"lazy\" decoding=\"async\" class=\"image-centre alignnone wp-image-45 size-full\" src=\"https:\/\/www.carre-f.com\/magasin-73\/wp-content\/uploads\/2018\/10\/3.services-techniques-SAV.jpg\" alt=\"menu services techniques &amp; SAV - Carre\" width=\"23\" height=\"23\" \/><\/a>\u00a0<a href=\"https:\/\/www.carre-f.com\/magasin-73\/services-techniques-et-sav\/\"><strong><span style=\"color: #7ac14d;\">Services techniques &amp; SAV<\/span><\/strong><\/a>\u00a0 \u00a0 <a href=\"https:\/\/www.carre-f.com\/magasin-73\/destockage\/\"><img loading=\"lazy\" decoding=\"async\" class=\"image-centre alignnone wp-image-46 size-full\" src=\"https:\/\/www.carre-f.com\/magasin-73\/wp-content\/uploads\/2018\/10\/4.destockage.jpg\" alt=\"menu d\u00e9stockage - Carre\" width=\"23\" height=\"23\" \/><\/a>\u00a0<a href=\"https:\/\/www.carre-f.com\/magasin-73\/destockage\/\"><strong><span style=\"color: #f36d21;\">D\u00e9stockage<\/span><\/strong><\/a><\/p>\n<p>[\/et_pb_text][\/et_pb_column][\/et_pb_row][et_pb_row use_custom_width=&#8221;on&#8221; width_unit=&#8221;off&#8221; custom_width_percent=&#8221;100%&#8221; custom_padding=&#8221;0|0px|0|0px|false|false&#8221; custom_margin=&#8221;||0px&#8221; _builder_version=&#8221;3.17.2&#8243; background_size=&#8221;initial&#8221; background_position=&#8221;top_left&#8221; background_repeat=&#8221;repeat&#8221;][et_pb_column type=&#8221;4_4&#8243; _builder_version=&#8221;3.0.47&#8243;][et_pb_divider color=&#8221;#2e2e2e&#8221; divider_weight=&#8221;16px&#8221; admin_label=&#8221;Barre grise&#8221; _builder_version=&#8221;3.17.2&#8243; background_color=&#8221;#2e2e2e&#8221; custom_margin=&#8221;||0px&#8221; custom_padding=&#8221;||0px&#8221;][\/et_pb_divider][\/et_pb_column][\/et_pb_row][\/et_pb_section][et_pb_section fb_built=&#8221;1&#8243; fullwidth=&#8221;on&#8221; disabled_on=&#8221;on|on|&#8221; admin_label=&#8221;MENU RAYONS &#8211; Ordinateur&#8221; _builder_version=&#8221;3.21&#8243; background_color=&#8221;rgba(255,255,255,0)&#8221; z_index=&#8221;99999&#8243; z_index_last_edited=&#8221;on|desktop&#8221; global_module=&#8221;146&#8243;][et_pb_fullwidth_menu fullwidth_menu=&#8221;on&#8221; _builder_version=&#8221;3.17.2&#8243; menu_font=&#8221;||||||||&#8221; background_color=&#8221;rgba(255,255,255,0)&#8221; background_color_gradient_direction=&#8221;90deg&#8221;][\/et_pb_fullwidth_menu][\/et_pb_section][et_pb_section fb_built=&#8221;1&#8243; disabled_on=&#8221;off|off|on&#8221; admin_label=&#8221;Section entete mobiles tablettes&#8221; _builder_version=&#8221;3.17.2&#8243; custom_padding=&#8221;0|0px|0|0px|false|false&#8221; global_module=&#8221;74&#8243; saved_tabs=&#8221;all&#8221;][et_pb_row use_custom_width=&#8221;on&#8221; width_unit=&#8221;off&#8221; custom_width_percent=&#8221;100%&#8221; custom_padding=&#8221;27px|0px|13px|0px|false|false&#8221; disabled_on=&#8221;off|off|off&#8221; admin_label=&#8221;Ent\u00eate site menu rapide &#8211; Tablettes &#038; Mobiles&#8221; _builder_version=&#8221;3.17.2&#8243; background_color=&#8221;#ffffff&#8221; background_size=&#8221;contain&#8221; background_position=&#8221;center_left&#8221;][et_pb_column type=&#8221;4_4&#8243; _builder_version=&#8221;3.0.47&#8243;][et_pb_image src=&#8221;https:\/\/www.carre-f.com\/magasin-73\/wp-content\/uploads\/2018\/10\/logo-entete.jpg&#8221; align=&#8221;center&#8221; _builder_version=&#8221;3.17.2&#8243; module_alignment=&#8221;center&#8221; custom_padding=&#8221;|20px||&#8221; animation_style=&#8221;slide&#8221; animation_direction=&#8221;top&#8221;][\/et_pb_image][et_pb_text admin_label=&#8221;Texte Carre \u00e9quipe votre maison&#8221; _builder_version=&#8221;3.17.2&#8243; text_font=&#8221;||||||||&#8221; text_font_size=&#8221;13px&#8221; background_size=&#8221;initial&#8221; background_position=&#8221;center_left&#8221; text_orientation=&#8221;center&#8221; custom_padding=&#8221;|||&#8221; custom_padding_tablet=&#8221;|0px||&#8221; custom_padding_last_edited=&#8221;on|desktop&#8221;]<\/p>\n<p style=\"text-align: center;\">Carre \u00e9quipe votre maison depuis 45 ans<br \/>La Baronnie 73330 Le Pont-de-Beauvoisin<a href=\"https:\/\/www.facebook.com\/Carre-Pont-De-Beauvoisin-73-1447138085501074\/\" target=\"_blank\" rel=\"noopener noreferrer\"><br \/><img loading=\"lazy\" decoding=\"async\" class=\"image-centre alignnone wp-image-31 size-full\" title=\"Suivre les actualit\u00e9s du magasin sur notre page Facebook !\" src=\"https:\/\/www.carre-f.com\/magasin-73\/wp-content\/uploads\/2018\/10\/min-facebook.jpg\" alt=\"Facebook - Suivez Carre sur les r\u00e9seaux sociaux\" width=\"22\" height=\"22\" \/><\/a><\/p>\n<p>[\/et_pb_text][et_pb_text admin_label=&#8221;Menu acc\u00e8s rapide&#8221; _builder_version=&#8221;3.21&#8243; text_font=&#8221;|||on|||||&#8221; text_font_size=&#8221;16px&#8221; background_size=&#8221;initial&#8221; background_position=&#8221;center_left&#8221; text_orientation=&#8221;center&#8221; custom_padding=&#8221;|||&#8221; custom_padding_tablet=&#8221;|0px||&#8221; custom_padding_last_edited=&#8221;on|desktop&#8221;]<\/p>\n<p style=\"text-align: center;\"><strong><a href=\"https:\/\/www.carre-f.com\/magasin-73\/\"><img loading=\"lazy\" decoding=\"async\" class=\"image-centre alignnone wp-image-43 size-full\" src=\"https:\/\/www.carre-f.com\/magasin-73\/wp-content\/uploads\/2018\/10\/1.accueil.jpg\" alt=\"menu accueil - Carre\" width=\"23\" height=\"23\" \/><\/a><a href=\"https:\/\/www.carre-f.com\/magasin-73\/\">Accueil<br \/> <\/a><\/strong><strong><span style=\"color: #2e2e2e;\"><a href=\"https:\/\/www.carre-f.com\/magasin-73\/infos-pratiques\/\"><img loading=\"lazy\" decoding=\"async\" class=\"image-centre alignnone wp-image-44 size-full\" src=\"https:\/\/www.carre-f.com\/magasin-73\/wp-content\/uploads\/2018\/10\/2.infospratiques.jpg\" alt=\"menu infos pratiques - Carre\" width=\"23\" height=\"23\" \/><span style=\"color: #161616;\">Infos pratiques<\/span><\/a><br \/> <\/span><\/strong><strong><span style=\"color: #7ac14d;\"><a href=\"https:\/\/www.carre-f.com\/magasin-73\/services-techniques-et-sav\/\"><img loading=\"lazy\" decoding=\"async\" class=\"image-centre alignnone wp-image-45 size-full\" src=\"https:\/\/www.carre-f.com\/magasin-73\/wp-content\/uploads\/2018\/10\/3.services-techniques-SAV.jpg\" alt=\"menu services techniques &amp; SAV - Carre\" width=\"23\" height=\"23\" \/><span style=\"color: #7ac14d;\">Services techniques &amp; SAV<\/span><\/a><br \/> <\/span><\/strong><strong><span style=\"color: #f36d21;\"><a href=\"https:\/\/www.carre-f.com\/magasin-73\/destockage\/\"><img loading=\"lazy\" decoding=\"async\" class=\"image-centre alignnone wp-image-46 size-full\" src=\"https:\/\/www.carre-f.com\/magasin-73\/wp-content\/uploads\/2018\/10\/4.destockage.jpg\" alt=\"menu d\u00e9stockage - Carre\" width=\"23\" height=\"23\" \/><span style=\"color: #f36d21;\">D\u00e9stockage<\/span><\/a><\/span><\/strong><\/p>\n<p>[\/et_pb_text][\/et_pb_column][\/et_pb_row][et_pb_row use_custom_width=&#8221;on&#8221; width_unit=&#8221;off&#8221; custom_width_percent=&#8221;100%&#8221; custom_padding=&#8221;0|0px|0|0px|false|false&#8221; custom_margin=&#8221;||0px&#8221; _builder_version=&#8221;3.17.2&#8243; background_size=&#8221;initial&#8221; background_position=&#8221;top_left&#8221; background_repeat=&#8221;repeat&#8221;][et_pb_column type=&#8221;4_4&#8243; _builder_version=&#8221;3.0.47&#8243;][et_pb_divider color=&#8221;#2e2e2e&#8221; divider_weight=&#8221;16px&#8221; admin_label=&#8221;Barre grise&#8221; _builder_version=&#8221;3.17.2&#8243; background_color=&#8221;#2e2e2e&#8221; custom_margin=&#8221;||0px&#8221; custom_padding=&#8221;||0px&#8221;][\/et_pb_divider][\/et_pb_column][\/et_pb_row][\/et_pb_section][et_pb_section fb_built=&#8221;1&#8243; fullwidth=&#8221;on&#8221; _builder_version=&#8221;3.17.2&#8243;][et_pb_fullwidth_post_title meta=&#8221;off&#8221; featured_image=&#8221;off&#8221; admin_label=&#8221;Titre de la page&#8221; _builder_version=&#8221;3.17.2&#8243; title_font=&#8221;|||||on|||&#8221; title_text_color=&#8221;#ffffff&#8221; title_letter_spacing=&#8221;6px&#8221; background_color=&#8221;#fcb01d&#8221; text_orientation=&#8221;center&#8221; custom_padding=&#8221;30px||&#8221;][\/et_pb_fullwidth_post_title][\/et_pb_section][et_pb_section fb_built=&#8221;1&#8243; _builder_version=&#8221;3.0.47&#8243; custom_padding=&#8221;0|0px|0|0px|false|false&#8221;][et_pb_row use_custom_width=&#8221;on&#8221; width_unit=&#8221;off&#8221; custom_width_percent=&#8221;90%&#8221; _builder_version=&#8221;3.17.2&#8243; background_size=&#8221;initial&#8221; background_position=&#8221;top_left&#8221; background_repeat=&#8221;repeat&#8221;][et_pb_column type=&#8221;1_4&#8243; _builder_version=&#8221;3.0.47&#8243;][et_pb_sidebar orientation=&#8221;right&#8221; area=&#8221;et_pb_widget_area_6&#8243; show_border=&#8221;off&#8221; _builder_version=&#8221;3.21&#8243; header_font=&#8221;||||||||&#8221; header_text_align=&#8221;center&#8221; header_text_color=&#8221;#ffffff&#8221; body_font=&#8221;|300|||||||&#8221; body_text_align=&#8221;left&#8221; body_text_color=&#8221;#ffffff&#8221; body_line_height=&#8221;1.5em&#8221; background_color=&#8221;#fcb01d&#8221; text_orientation=&#8221;center&#8221; module_alignment=&#8221;center&#8221; custom_padding=&#8221;20px|20px|20px|20px&#8221; global_module=&#8221;990&#8243; saved_tabs=&#8221;all&#8221; body_text_color__hover_enabled=&#8221;on&#8221; body_text_color__hover=&#8221;#ffffff&#8221;][\/et_pb_sidebar][\/et_pb_column][et_pb_column type=&#8221;3_4&#8243; _builder_version=&#8221;3.0.47&#8243;][et_pb_accordion open_toggle_text_color=&#8221;#fcb01d&#8221; open_toggle_background_color=&#8221;#ffffff&#8221; closed_toggle_text_color=&#8221;#fcb01d&#8221; closed_toggle_background_color=&#8221;#ffffff&#8221; icon_color=&#8221;#fcb01d&#8221; _builder_version=&#8221;3.21&#8243; body_font=&#8221;|300|||||||&#8221; body_text_align=&#8221;justify&#8221; body_font_size=&#8221;16px&#8221; body_line_height=&#8221;1.6em&#8221; toggle_level=&#8221;h4&#8243; toggle_font=&#8221;|600|||||||&#8221; toggle_text_align=&#8221;left&#8221; toggle_text_color=&#8221;#40a1c7&#8243; toggle_font_size=&#8221;20px&#8221; border_color_all=&#8221;#007db0&#8243; border_style_all=&#8221;dotted&#8221; text_orientation=&#8221;justified&#8221; icon_color__hover_enabled=&#8221;on&#8221; icon_color__hover=&#8221;#535658&#8243;][et_pb_accordion_item title=&#8221;Ampoules&#8221; open=&#8221;on&#8221; open_toggle_text_color=&#8221;#fcb01d&#8221; open_toggle_background_color=&#8221;#ffffff&#8221; closed_toggle_text_color=&#8221;#fcb01d&#8221; closed_toggle_background_color=&#8221;#ffffff&#8221; icon_color=&#8221;#fcb01d&#8221; _builder_version=&#8221;3.21&#8243; title_text_shadow_horizontal_length=&#8221;0em&#8221; title_text_shadow_vertical_length=&#8221;0em&#8221; title_text_shadow_blur_strength=&#8221;0em&#8221; body_text_shadow_horizontal_length=&#8221;0em&#8221; body_text_shadow_vertical_length=&#8221;0em&#8221; body_text_shadow_blur_strength=&#8221;0em&#8221; text_orientation=&#8221;justified&#8221;]<\/p>\n<p align=\"justify\"><span color=\"#000000\"><span face=\"Calibri Light, serif\"><span size=\"4\">Ampoules classiques,\u00a0LED\u2026 <\/span><\/span><\/span><\/p>\n<p align=\"justify\"><span color=\"#000000\"><span face=\"Calibri Light, serif\"><span size=\"4\">M\u00eame les mod\u00e8les les plus sp\u00e9cifiques pour particuliers ou professionnels\u2026<\/span><\/span><\/span><\/p>\n<p style=\"text-align: center;\"><div id=\"metaslider-id-2883\" style=\"width: 100%; margin: 0 auto;\" class=\"ml-slider-3-108-0 metaslider metaslider-flex metaslider-2883 ml-slider has-dots-nav has-carousel-mode ml-slider-lightbox-2-23-0 gallery foobox-lightbox-dimage-2-7-41 ms-theme-simply-dark\" role=\"region\" aria-label=\"LUMINAIRES - Ampoules\" data-height=\"180\" data-width=\"240\">\n    <div id=\"metaslider_container_2883\">\n        <div id=\"metaslider_2883\">\n            <ul class='slides'>\n                <li style=\"display: none; width: 100%;\" class=\"slide-2896 ms-image \" aria-roledescription=\"slide\" data-date=\"2019-05-16 17:29:40\" data-filename=\"Carre-Luminaires-Ampoules-240x180.jpg\" data-slide-type=\"image\"><a href=\"https:\/\/www.carre-f.com\/magasin-73\/wp-content\/uploads\/2019\/05\/Carre-Luminaires-Ampoules.jpg\" data-src=\"https:\/\/www.carre-f.com\/magasin-73\/wp-content\/uploads\/2019\/05\/Carre-Luminaires-Ampoules.jpg\" data-thumb=\"https:\/\/www.carre-f.com\/magasin-73\/wp-content\/uploads\/2019\/05\/Carre-Luminaires-Ampoules-240x180.jpg\" class=\"ml-lightbox-enabled\"><img loading=\"lazy\" decoding=\"async\" src=\"https:\/\/www.carre-f.com\/magasin-73\/wp-content\/uploads\/2019\/05\/Carre-Luminaires-Ampoules-240x180.jpg\" height=\"180\" width=\"240\" alt=\"\" class=\"slider-2883 slide-2896 msDefaultImage\" title=\"Carre - Luminaires - Ampoules\" \/><\/a><\/li>\n                <li style=\"display: none; width: 100%;\" class=\"slide-2895 ms-image \" aria-roledescription=\"slide\" data-date=\"2019-05-16 17:29:40\" data-filename=\"Carre-Luminaires-Ampoules-6-240x180.jpg\" data-slide-type=\"image\"><a href=\"https:\/\/www.carre-f.com\/magasin-73\/wp-content\/uploads\/2019\/05\/Carre-Luminaires-Ampoules-6.jpg\" data-src=\"https:\/\/www.carre-f.com\/magasin-73\/wp-content\/uploads\/2019\/05\/Carre-Luminaires-Ampoules-6.jpg\" data-thumb=\"https:\/\/www.carre-f.com\/magasin-73\/wp-content\/uploads\/2019\/05\/Carre-Luminaires-Ampoules-6-240x180.jpg\" class=\"ml-lightbox-enabled\"><img loading=\"lazy\" decoding=\"async\" src=\"https:\/\/www.carre-f.com\/magasin-73\/wp-content\/uploads\/2019\/05\/Carre-Luminaires-Ampoules-6-240x180.jpg\" height=\"180\" width=\"240\" alt=\"\" class=\"slider-2883 slide-2895 msDefaultImage\" title=\"Carre - Luminaires - Ampoules 6\" \/><\/a><\/li>\n                <li style=\"display: none; width: 100%;\" class=\"slide-2894 ms-image \" aria-roledescription=\"slide\" data-date=\"2019-05-16 17:29:40\" data-filename=\"Carre-Luminaires-Ampoules-5-240x180.jpg\" data-slide-type=\"image\"><a href=\"https:\/\/www.carre-f.com\/magasin-73\/wp-content\/uploads\/2019\/05\/Carre-Luminaires-Ampoules-5.jpg\" data-src=\"https:\/\/www.carre-f.com\/magasin-73\/wp-content\/uploads\/2019\/05\/Carre-Luminaires-Ampoules-5.jpg\" data-thumb=\"https:\/\/www.carre-f.com\/magasin-73\/wp-content\/uploads\/2019\/05\/Carre-Luminaires-Ampoules-5-240x180.jpg\" class=\"ml-lightbox-enabled\"><img loading=\"lazy\" decoding=\"async\" src=\"https:\/\/www.carre-f.com\/magasin-73\/wp-content\/uploads\/2019\/05\/Carre-Luminaires-Ampoules-5-240x180.jpg\" height=\"180\" width=\"240\" alt=\"\" class=\"slider-2883 slide-2894 msDefaultImage\" title=\"Carre - Luminaires - Ampoules 5\" \/><\/a><\/li>\n                <li style=\"display: none; width: 100%;\" class=\"slide-2893 ms-image \" aria-roledescription=\"slide\" data-date=\"2019-05-16 17:29:39\" data-filename=\"Carre-Luminaires-Ampoules-4-240x180.jpg\" data-slide-type=\"image\"><a href=\"https:\/\/www.carre-f.com\/magasin-73\/wp-content\/uploads\/2019\/05\/Carre-Luminaires-Ampoules-4.jpg\" data-src=\"https:\/\/www.carre-f.com\/magasin-73\/wp-content\/uploads\/2019\/05\/Carre-Luminaires-Ampoules-4.jpg\" data-thumb=\"https:\/\/www.carre-f.com\/magasin-73\/wp-content\/uploads\/2019\/05\/Carre-Luminaires-Ampoules-4-240x180.jpg\" class=\"ml-lightbox-enabled\"><img loading=\"lazy\" decoding=\"async\" src=\"https:\/\/www.carre-f.com\/magasin-73\/wp-content\/uploads\/2019\/05\/Carre-Luminaires-Ampoules-4-240x180.jpg\" height=\"180\" width=\"240\" alt=\"\" class=\"slider-2883 slide-2893 msDefaultImage\" title=\"Carre - Luminaires - Ampoules 4\" \/><\/a><\/li>\n                <li style=\"display: none; width: 100%;\" class=\"slide-2892 ms-image \" aria-roledescription=\"slide\" data-date=\"2019-05-16 17:29:39\" data-filename=\"Carre-Luminaires-Ampoules-3-240x180.jpg\" data-slide-type=\"image\"><a href=\"https:\/\/www.carre-f.com\/magasin-73\/wp-content\/uploads\/2019\/05\/Carre-Luminaires-Ampoules-3.jpg\" data-src=\"https:\/\/www.carre-f.com\/magasin-73\/wp-content\/uploads\/2019\/05\/Carre-Luminaires-Ampoules-3.jpg\" data-thumb=\"https:\/\/www.carre-f.com\/magasin-73\/wp-content\/uploads\/2019\/05\/Carre-Luminaires-Ampoules-3-240x180.jpg\" class=\"ml-lightbox-enabled\"><img loading=\"lazy\" decoding=\"async\" src=\"https:\/\/www.carre-f.com\/magasin-73\/wp-content\/uploads\/2019\/05\/Carre-Luminaires-Ampoules-3-240x180.jpg\" height=\"180\" width=\"240\" alt=\"\" class=\"slider-2883 slide-2892 msDefaultImage\" title=\"Carre - Luminaires - Ampoules 3\" \/><\/a><\/li>\n                <li style=\"display: none; width: 100%;\" class=\"slide-2891 ms-image \" aria-roledescription=\"slide\" data-date=\"2019-05-16 17:29:39\" data-filename=\"Carre-Luminaires-Ampoules-2-240x180.jpg\" data-slide-type=\"image\"><a href=\"https:\/\/www.carre-f.com\/magasin-73\/wp-content\/uploads\/2019\/05\/Carre-Luminaires-Ampoules-2.jpg\" data-src=\"https:\/\/www.carre-f.com\/magasin-73\/wp-content\/uploads\/2019\/05\/Carre-Luminaires-Ampoules-2.jpg\" data-thumb=\"https:\/\/www.carre-f.com\/magasin-73\/wp-content\/uploads\/2019\/05\/Carre-Luminaires-Ampoules-2-240x180.jpg\" class=\"ml-lightbox-enabled\"><img loading=\"lazy\" decoding=\"async\" src=\"https:\/\/www.carre-f.com\/magasin-73\/wp-content\/uploads\/2019\/05\/Carre-Luminaires-Ampoules-2-240x180.jpg\" height=\"180\" width=\"240\" alt=\"\" class=\"slider-2883 slide-2891 msDefaultImage\" title=\"Carre - Luminaires - Ampoules 2\" \/><\/a><\/li>\n            <\/ul>\n        <\/div>\n        \n    <\/div>\n<\/div><\/p>\n<p>[\/et_pb_accordion_item][\/et_pb_accordion][\/et_pb_column][\/et_pb_row][\/et_pb_section][et_pb_section fb_built=&#8221;1&#8243; admin_label=&#8221;COLONNES BAS DE PAGE&#8221; _builder_version=&#8221;3.17.2&#8243; custom_padding=&#8221;0|0px|0|0px|false|false&#8221; animation_direction=&#8221;bottom&#8221; global_module=&#8221;92&#8243; saved_tabs=&#8221;all&#8221;][et_pb_row use_custom_width=&#8221;on&#8221; width_unit=&#8221;off&#8221; custom_width_percent=&#8221;100%&#8221; use_custom_gutter=&#8221;on&#8221; gutter_width=&#8221;1&#8243; custom_padding=&#8221;0|0px|0|0px|false|false&#8221; make_equal=&#8221;on&#8221; background_color_1=&#8221;#f36d21&#8243; background_color_2=&#8221;#007db0&#8243; background_color_3=&#8221;#7ac14d&#8221; background_color_4=&#8221;#fcb01d&#8221; _builder_version=&#8221;3.17.2&#8243; module_alignment=&#8221;center&#8221;][et_pb_column type=&#8221;1_4&#8243; _builder_version=&#8221;3.0.47&#8243;][et_pb_text admin_label=&#8221;Colonne CONTACT&#8221; _builder_version=&#8221;3.21&#8243; text_font=&#8221;||||||||&#8221; text_text_color=&#8221;#ffffff&#8221; link_font=&#8221;||||||||&#8221; link_text_color=&#8221;#ffffff&#8221; text_orientation=&#8221;center&#8221; custom_padding=&#8221;30px|30px|30px|30px&#8221; custom_padding_tablet=&#8221;15px|15px|15px|15px&#8221; custom_padding_last_edited=&#8221;on|desktop&#8221;]<\/p>\n<p><span style=\"font-size: large;\">CONTACT<\/span><br \/> <img loading=\"lazy\" decoding=\"async\" class=\"wp-image-79 alignnone size-full\" src=\"https:\/\/www.carre-f.com\/magasin-73\/wp-content\/uploads\/2018\/10\/ligne-contact.jpg\" alt=\"ligne contact\" width=\"183\" height=\"3\" srcset=\"https:\/\/www.carre-f.com\/magasin-73\/wp-content\/uploads\/2018\/10\/ligne-contact.jpg 183w, https:\/\/www.carre-f.com\/magasin-73\/wp-content\/uploads\/2018\/10\/ligne-contact-150x3.jpg 150w\" sizes=\"(max-width: 183px) 100vw, 183px\" \/><\/p>\n<p><span style=\"font-size: x-large;\">Magasin Carre<\/span><br \/> La Baronnie<br \/> 73330 Le Pont-de-Beauvoisin<br \/> T\u00e9l\u00e9phone : 04 76 37 03 50<br \/> Mail : <a title=\"Nous contacter par mail\" href=\"mailto:accueil@carre-f.com\">accueil@carre-f.com<\/a><\/p>\n<p><a href=\"https:\/\/www.carre-f.com\/magasin-73\/infos-pratiques\/\"><span style=\"text-decoration: underline;\">+ d&#8217;infos<\/span><\/a><\/p>\n<p>[\/et_pb_text][\/et_pb_column][et_pb_column type=&#8221;1_4&#8243; _builder_version=&#8221;3.0.47&#8243;][et_pb_text admin_label=&#8221;Colonne HORAIRES&#8221; _builder_version=&#8221;3.17.2&#8243; text_font=&#8221;||||||||&#8221; text_text_color=&#8221;#ffffff&#8221; text_orientation=&#8221;center&#8221; custom_padding=&#8221;30px|30px|30px|30px&#8221; custom_padding_tablet=&#8221;15px|15px|15px|15px&#8221; custom_padding_last_edited=&#8221;on|desktop&#8221;]<\/p>\n<p><span style=\"font-size: large;\">HORAIRES D&#8217;OUVERTURE<br \/><img loading=\"lazy\" decoding=\"async\" class=\"wp-image-82 alignnone size-full\" src=\"https:\/\/www.carre-f.com\/magasin-73\/wp-content\/uploads\/2018\/10\/ligne-horaires.jpg\" alt=\"ligne horaires d'ouverture Carre\" width=\"183\" height=\"3\" srcset=\"https:\/\/www.carre-f.com\/magasin-73\/wp-content\/uploads\/2018\/10\/ligne-horaires.jpg 183w, https:\/\/www.carre-f.com\/magasin-73\/wp-content\/uploads\/2018\/10\/ligne-horaires-150x3.jpg 150w\" sizes=\"(max-width: 183px) 100vw, 183px\" \/><br \/><\/span><\/p>\n<p><span style=\"font-size: x-large;\">Du Lundi au Samedi<\/span><\/p>\n<p><span style=\"font-size: x-large;\">De 9h \u00e0 12h<\/span><\/p>\n<p><span style=\"font-size: x-large;\">De 14h \u00e0 19h<\/span><\/p>\n<p>[\/et_pb_text][\/et_pb_column][et_pb_column type=&#8221;1_4&#8243; _builder_version=&#8221;3.0.47&#8243;][et_pb_text ul_type=&#8221;square&#8221; ul_item_indent=&#8221;31px&#8221; admin_label=&#8221;Colonne MENTIONS&#8221; _builder_version=&#8221;3.21&#8243; text_font=&#8221;||||||||&#8221; text_text_color=&#8221;#ffffff&#8221; link_font=&#8221;||||||||&#8221; link_text_color=&#8221;#ffffff&#8221; ul_font=&#8221;||||||||&#8221; ul_text_align=&#8221;left&#8221; ul_line_height=&#8221;1.9em&#8221; text_orientation=&#8221;center&#8221; custom_padding=&#8221;30px|30px|0px|30px&#8221; custom_padding_tablet=&#8221;15px|15px|15px|15px&#8221; custom_padding_last_edited=&#8221;on|desktop&#8221;]<\/p>\n<p><span style=\"font-size: large;\">MENTIONS<br \/> <img loading=\"lazy\" decoding=\"async\" class=\"wp-image-85 alignnone size-full\" src=\"https:\/\/www.carre-f.com\/magasin-73\/wp-content\/uploads\/2018\/10\/ligne-mentions.jpg\" alt=\"ligne mentions Carre\" width=\"183\" height=\"3\" srcset=\"https:\/\/www.carre-f.com\/magasin-73\/wp-content\/uploads\/2018\/10\/ligne-mentions.jpg 183w, https:\/\/www.carre-f.com\/magasin-73\/wp-content\/uploads\/2018\/10\/ligne-mentions-150x3.jpg 150w\" sizes=\"(max-width: 183px) 100vw, 183px\" \/><br \/> <\/span><\/p>\n<ul>\n<li style=\"text-align: left;\"><span style=\"font-size: medium;\"><a href=\"https:\/\/www.carre-f.com\/magasin-73\/mentions-legales-credits\/\">Mentions l\u00e9gales &amp; cr\u00e9dits<\/a><\/span><\/li>\n<li style=\"text-align: left;\"><span style=\"font-size: medium;\"><a href=\"https:\/\/www.carre-f.com\/magasin-73\/mentions-legales-credits\/#politique\">Politique de confidentialit\u00e9 et protection des donn\u00e9es<\/a><\/span><\/li>\n<li style=\"text-align: left;\"><span style=\"font-size: medium;\">Conditions g\u00e9n\u00e9rales de vente<\/span><\/li>\n<\/ul>\n<p>[\/et_pb_text][et_pb_text _builder_version=&#8221;3.21&#8243; text_font=&#8221;||||||||&#8221; text_text_color=&#8221;#ffffff&#8221; link_font=&#8221;||||||||&#8221; link_text_color=&#8221;#ffffff&#8221; text_orientation=&#8221;center&#8221; custom_padding=&#8221;||20px&#8221; text_text_color__hover_enabled=&#8221;on&#8221;]<\/p>\n<p><span><img loading=\"lazy\" decoding=\"async\" class=\"wp-image-85 alignnone size-full\" src=\"https:\/\/www.carre-f.com\/magasin-73\/wp-content\/uploads\/2018\/10\/ligne-mentions.jpg\" alt=\"ligne mentions Carre\" width=\"183\" height=\"3\" srcset=\"https:\/\/www.carre-f.com\/magasin-73\/wp-content\/uploads\/2018\/10\/ligne-mentions.jpg 183w, https:\/\/www.carre-f.com\/magasin-73\/wp-content\/uploads\/2018\/10\/ligne-mentions-150x3.jpg 150w\" sizes=\"(max-width: 183px) 100vw, 183px\" \/><\/span><br \/> Livraison, SAV, Maintenance&#8230;<br \/> <span style=\"text-decoration: underline;\"><a href=\"https:\/\/www.carre-f.com\/magasin-73\/services-techniques-et-sav\/\">En savoir +<\/a><\/span><\/p>\n<p>[\/et_pb_text][\/et_pb_column][et_pb_column type=&#8221;1_4&#8243; _builder_version=&#8221;3.0.47&#8243;][et_pb_text admin_label=&#8221;Colonne FACEBOOK&#8221; _builder_version=&#8221;3.17.2&#8243; text_font=&#8221;||||||||&#8221; text_text_color=&#8221;#ffffff&#8221; link_font=&#8221;|||||||#ffffff|&#8221; link_text_color=&#8221;#ffffff&#8221; text_orientation=&#8221;center&#8221; custom_padding=&#8221;30px|30px|30px|30px&#8221; custom_padding_tablet=&#8221;15px|15px|15px|15px&#8221; custom_padding_last_edited=&#8221;on|desktop&#8221;]<\/p>\n<p><span style=\"font-size: large;\">FACEBOOK<br \/><img loading=\"lazy\" decoding=\"async\" class=\"wp-image-86 alignnone size-full\" src=\"https:\/\/www.carre-f.com\/magasin-73\/wp-content\/uploads\/2018\/10\/ligne-facebook.jpg\" alt=\"ligne Facebook Carre\" width=\"183\" height=\"3\" srcset=\"https:\/\/www.carre-f.com\/magasin-73\/wp-content\/uploads\/2018\/10\/ligne-facebook.jpg 183w, https:\/\/www.carre-f.com\/magasin-73\/wp-content\/uploads\/2018\/10\/ligne-facebook-150x3.jpg 150w\" sizes=\"(max-width: 183px) 100vw, 183px\" \/><br \/><\/span><\/p>\n<p>Suivre les actus de notre magasin<br \/>sur <a href=\"https:\/\/www.facebook.com\/Carre-Pont-De-Beauvoisin-73-1447138085501074\/\" target=\"_blank\" rel=\"noopener noreferrer\">notre page Facebook<\/a><\/p>\n<p><a title=\"Voir la page Facebook du magasin Carre\" href=\"https:\/\/www.facebook.com\/Carre-Pont-De-Beauvoisin-73-1447138085501074\/\" target=\"_blank\" rel=\"noopener noreferrer\"><img loading=\"lazy\" decoding=\"async\" class=\"wp-image-87 alignnone size-full\" src=\"https:\/\/www.carre-f.com\/magasin-73\/wp-content\/uploads\/2018\/10\/logo-facebook.jpg\" alt=\"logo Facebook - Suivez l'actualit\u00e9 du magasin Carre\" width=\"62\" height=\"63\" \/><\/a><\/p>\n<p>[\/et_pb_text][\/et_pb_column][\/et_pb_row][\/et_pb_section]<\/p>\n","protected":false},"excerpt":{"rendered":"<p>Carre \u00e9quipe votre maison depuis 45 ans | Magasin Carre La Baronnie 73330 Le Pont-de-Beauvoisin\u00a0 \u00a0\u00a0Accueil\u00a0 \u00a0Infos pratiques\u00a0 \u00a0\u00a0Services techniques &amp; SAV\u00a0 \u00a0 \u00a0D\u00e9stockageCarre \u00e9quipe votre maison depuis 45 ansLa Baronnie 73330 Le Pont-de-BeauvoisinAccueil Infos pratiques Services techniques &amp; SAV D\u00e9stockageAmpoules classiques,\u00a0LED\u2026 M\u00eame les mod\u00e8les les plus sp\u00e9cifiques pour particuliers ou professionnels\u2026 <div id=\"metaslider-id-2883\" style=\"width: 100%; margin: 0 auto;\" class=\"ml-slider-3-108-0 metaslider metaslider-flex metaslider-2883 ml-slider has-dots-nav has-carousel-mode ml-slider-lightbox-2-23-0 gallery foobox-lightbox-dimage-2-7-41 ms-theme-simply-dark\" role=\"region\" aria-label=\"LUMINAIRES - Ampoules\" data-height=\"180\" data-width=\"240\">\n    <div id=\"metaslider_container_2883\">\n        <div id=\"metaslider_2883\">\n            <ul class='slides'>\n                <li style=\"display: none; width: 100%;\" class=\"slide-2896 ms-image \" aria-roledescription=\"slide\" data-date=\"2019-05-16 17:29:40\" data-filename=\"Carre-Luminaires-Ampoules-240x180.jpg\" data-slide-type=\"image\"><a href=\"https:\/\/www.carre-f.com\/magasin-73\/wp-content\/uploads\/2019\/05\/Carre-Luminaires-Ampoules.jpg\" target=\"_self\" aria-label=\"Voir les d\u00e9tails de la diapositive\" class=\"metaslider_image_link\"><img loading=\"lazy\" decoding=\"async\" src=\"https:\/\/www.carre-f.com\/magasin-73\/wp-content\/uploads\/2019\/05\/Carre-Luminaires-Ampoules-240x180.jpg\" height=\"180\" width=\"240\" alt=\"\" class=\"slider-2883 slide-2896 msDefaultImage\" title=\"Carre - Luminaires - Ampoules\" \/><\/a><\/li>\n                <li style=\"display: none; width: 100%;\" class=\"slide-2895 ms-image \" aria-roledescription=\"slide\" data-date=\"2019-05-16 17:29:40\" data-filename=\"Carre-Luminaires-Ampoules-6-240x180.jpg\" data-slide-type=\"image\"><a href=\"https:\/\/www.carre-f.com\/magasin-73\/wp-content\/uploads\/2019\/05\/Carre-Luminaires-Ampoules-6.jpg\" target=\"_self\" aria-label=\"Voir les d\u00e9tails de la diapositive\" class=\"metaslider_image_link\"><img loading=\"lazy\" decoding=\"async\" src=\"https:\/\/www.carre-f.com\/magasin-73\/wp-content\/uploads\/2019\/05\/Carre-Luminaires-Ampoules-6-240x180.jpg\" height=\"180\" width=\"240\" alt=\"\" class=\"slider-2883 slide-2895 msDefaultImage\" title=\"Carre - Luminaires - Ampoules 6\" \/><\/a><\/li>\n                <li style=\"display: none; width: 100%;\" class=\"slide-2894 ms-image \" aria-roledescription=\"slide\" data-date=\"2019-05-16 17:29:40\" data-filename=\"Carre-Luminaires-Ampoules-5-240x180.jpg\" data-slide-type=\"image\"><a href=\"https:\/\/www.carre-f.com\/magasin-73\/wp-content\/uploads\/2019\/05\/Carre-Luminaires-Ampoules-5.jpg\" target=\"_self\" aria-label=\"Voir les d\u00e9tails de la diapositive\" class=\"metaslider_image_link\"><img loading=\"lazy\" decoding=\"async\" src=\"https:\/\/www.carre-f.com\/magasin-73\/wp-content\/uploads\/2019\/05\/Carre-Luminaires-Ampoules-5-240x180.jpg\" height=\"180\" width=\"240\" alt=\"\" class=\"slider-2883 slide-2894 msDefaultImage\" title=\"Carre - Luminaires - Ampoules 5\" \/><\/a><\/li>\n                <li style=\"display: none; width: 100%;\" class=\"slide-2893 ms-image \" aria-roledescription=\"slide\" data-date=\"2019-05-16 17:29:39\" data-filename=\"Carre-Luminaires-Ampoules-4-240x180.jpg\" data-slide-type=\"image\"><a href=\"https:\/\/www.carre-f.com\/magasin-73\/wp-content\/uploads\/2019\/05\/Carre-Luminaires-Ampoules-4.jpg\" target=\"_self\" aria-label=\"Voir les d\u00e9tails de la diapositive\" class=\"metaslider_image_link\"><img loading=\"lazy\" decoding=\"async\" src=\"https:\/\/www.carre-f.com\/magasin-73\/wp-content\/uploads\/2019\/05\/Carre-Luminaires-Ampoules-4-240x180.jpg\" height=\"180\" width=\"240\" alt=\"\" class=\"slider-2883 slide-2893 msDefaultImage\" title=\"Carre - Luminaires - Ampoules 4\" \/><\/a><\/li>\n                <li style=\"display: none; width: 100%;\" class=\"slide-2892 ms-image \" aria-roledescription=\"slide\" data-date=\"2019-05-16 17:29:39\" data-filename=\"Carre-Luminaires-Ampoules-3-240x180.jpg\" data-slide-type=\"image\"><a href=\"https:\/\/www.carre-f.com\/magasin-73\/wp-content\/uploads\/2019\/05\/Carre-Luminaires-Ampoules-3.jpg\" target=\"_self\" aria-label=\"Voir les d\u00e9tails de la diapositive\" class=\"metaslider_image_link\"><img loading=\"lazy\" decoding=\"async\" src=\"https:\/\/www.carre-f.com\/magasin-73\/wp-content\/uploads\/2019\/05\/Carre-Luminaires-Ampoules-3-240x180.jpg\" height=\"180\" width=\"240\" alt=\"\" class=\"slider-2883 slide-2892 msDefaultImage\" title=\"Carre - Luminaires - Ampoules 3\" \/><\/a><\/li>\n                <li style=\"display: none; width: 100%;\" class=\"slide-2891 ms-image \" aria-roledescription=\"slide\" data-date=\"2019-05-16 17:29:39\" data-filename=\"Carre-Luminaires-Ampoules-2-240x180.jpg\" data-slide-type=\"image\"><a href=\"https:\/\/www.carre-f.com\/magasin-73\/wp-content\/uploads\/2019\/05\/Carre-Luminaires-Ampoules-2.jpg\" target=\"_self\" aria-label=\"Voir les d\u00e9tails de la diapositive\" class=\"metaslider_image_link\"><img loading=\"lazy\" decoding=\"async\" src=\"https:\/\/www.carre-f.com\/magasin-73\/wp-content\/uploads\/2019\/05\/Carre-Luminaires-Ampoules-2-240x180.jpg\" height=\"180\" width=\"240\" alt=\"\" class=\"slider-2883 slide-2891 msDefaultImage\" title=\"Carre - Luminaires - Ampoules 2\" \/><\/a><\/li>\n            <\/ul>\n        <\/div>\n        \n    <\/div>\n<\/div>CONTACT Magasin [&hellip;]<\/p>\n","protected":false},"author":1,"featured_media":0,"parent":0,"menu_order":0,"comment_status":"closed","ping_status":"open","template":"","meta":{"_et_pb_use_builder":"on","_et_pb_old_content":"<p>Voici un exemple de page. Elle est diff\u00e9rente d\u2019un article de blog, en cela qu\u2019elle restera \u00e0 la m\u00eame place, et s\u2019affichera dans le menu de navigation de votre site (en fonction de votre th\u00e8me). La plupart des gens commencent par \u00e9crire une page \u00ab\u00a0\u00c0 Propos\u00a0\u00bb qui les pr\u00e9sente aux visiteurs potentiels du site. Vous pourriez y \u00e9crire quelque chose de ce tenant\u00a0:<\/p>\r\n<blockquote>\r\n<p>Bonjour\u00a0! Je suis un m\u00e9canicien qui aspire \u00e0 devenir un acteur, et ceci est mon blog. J\u2019habite \u00e0 Bordeaux, j\u2019ai un super chien qui s\u2019appelle Russell, et j\u2019aime la vodka-ananas (ainsi que perdre mon temps \u00e0 regarder la pluie tomber).<\/p>\r\n<\/blockquote>\r\n<p>...ou bien quelque chose comme cela\u00a0:<\/p>\r\n<blockquote>\r\n<p>La soci\u00e9t\u00e9 123 Machin Truc a \u00e9t\u00e9 cr\u00e9\u00e9e en 1971, et n\u2019a cess\u00e9 de proposer au public des machins-trucs de qualit\u00e9 depuis cette ann\u00e9e. Situ\u00e9e \u00e0 Saint-Remy-en-Bouzemont-Saint-Genest-et-Isson, 123 Machin Truc emploie 2\u00a0000 personnes, et fabrique toutes sortes de bidules super pour la communaut\u00e9 bouzemontoise.<\/p>\r\n<\/blockquote>\r\n<p>\u00c9tant donn\u00e9 que vous \u00eates un nouvel utilisateur ou une nouvelle utilisatrice de WordPress, vous devriez vous rendre sur votre <a href=\"http:\/\/www.carre-f.com\/magasin-73\/wp-admin\/\">tableau de bord<\/a> pour effacer la pr\u00e9sente page, et cr\u00e9er de nouvelles pages avec votre propre contenu. Amusez-vous bien\u00a0!<\/p>","_et_gb_content_width":"","_exactmetrics_skip_tracking":false,"_exactmetrics_sitenote_active":false,"_exactmetrics_sitenote_note":"","_exactmetrics_sitenote_category":0,"footnotes":""},"class_list":["post-969","page","type-page","status-publish","hentry"],"yoast_head":"<!-- This site is optimized with the Yoast SEO plugin v27.5 - https:\/\/yoast.com\/product\/yoast-seo-wordpress\/ -->\n<title>Luminaires &gt; Ampoules | Carre | Pont de Beauvoisin<\/title>\n<meta name=\"description\" content=\"Luminaires &gt; Ampoules | Magasin Carre | Raccordements, prises, rallonges, suspensions... | La Baronnie, Le Pont-de-Beauvoisin\" \/>\n<meta name=\"robots\" content=\"index, follow, max-snippet:-1, max-image-preview:large, max-video-preview:-1\" \/>\n<link rel=\"canonical\" href=\"https:\/\/www.carre-f.com\/magasin-73\/luminaires-ampoules\/\" \/>\n<meta property=\"og:locale\" content=\"fr_FR\" \/>\n<meta property=\"og:type\" content=\"article\" \/>\n<meta property=\"og:title\" content=\"Luminaires &gt; Ampoules | Carre | Pont de Beauvoisin\" \/>\n<meta property=\"og:description\" content=\"Luminaires &gt; Ampoules | Magasin Carre | Raccordements, prises, rallonges, suspensions... | La Baronnie, Le Pont-de-Beauvoisin\" \/>\n<meta property=\"og:url\" content=\"https:\/\/www.carre-f.com\/magasin-73\/luminaires-ampoules\/\" \/>\n<meta property=\"og:site_name\" content=\"Magasin Carre\" \/>\n<meta property=\"article:publisher\" content=\"https:\/\/www.facebook.com\/Carre-Pont-De-Beauvoisin-73-1447138085501074\/\" \/>\n<meta property=\"article:modified_time\" content=\"2019-05-16T15:27:32+00:00\" \/>\n<meta property=\"og:image\" content=\"https:\/\/www.carre-f.com\/magasin-73\/wp-content\/uploads\/2018\/10\/min-facebook.jpg\" \/>\n<meta name=\"twitter:card\" content=\"summary_large_image\" \/>\n<meta name=\"twitter:label1\" content=\"Dur\u00e9e de lecture estim\u00e9e\" \/>\n\t<meta name=\"twitter:data1\" content=\"7 minutes\" \/>\n<script type=\"application\/ld+json\" class=\"yoast-schema-graph\">{\"@context\":\"https:\\\/\\\/schema.org\",\"@graph\":[{\"@type\":\"WebPage\",\"@id\":\"https:\\\/\\\/www.carre-f.com\\\/magasin-73\\\/luminaires-ampoules\\\/\",\"url\":\"https:\\\/\\\/www.carre-f.com\\\/magasin-73\\\/luminaires-ampoules\\\/\",\"name\":\"Luminaires > Ampoules | Carre | Pont de Beauvoisin\",\"isPartOf\":{\"@id\":\"https:\\\/\\\/www.carre-f.com\\\/magasin-73\\\/#website\"},\"primaryImageOfPage\":{\"@id\":\"https:\\\/\\\/www.carre-f.com\\\/magasin-73\\\/luminaires-ampoules\\\/#primaryimage\"},\"image\":{\"@id\":\"https:\\\/\\\/www.carre-f.com\\\/magasin-73\\\/luminaires-ampoules\\\/#primaryimage\"},\"thumbnailUrl\":\"https:\\\/\\\/www.carre-f.com\\\/magasin-73\\\/wp-content\\\/uploads\\\/2018\\\/10\\\/min-facebook.jpg\",\"datePublished\":\"2018-10-30T11:28:01+00:00\",\"dateModified\":\"2019-05-16T15:27:32+00:00\",\"description\":\"Luminaires > Ampoules | Magasin Carre | Raccordements, prises, rallonges, suspensions... | La Baronnie, Le Pont-de-Beauvoisin\",\"breadcrumb\":{\"@id\":\"https:\\\/\\\/www.carre-f.com\\\/magasin-73\\\/luminaires-ampoules\\\/#breadcrumb\"},\"inLanguage\":\"fr-FR\",\"potentialAction\":[{\"@type\":\"ReadAction\",\"target\":[\"https:\\\/\\\/www.carre-f.com\\\/magasin-73\\\/luminaires-ampoules\\\/\"]}]},{\"@type\":\"ImageObject\",\"inLanguage\":\"fr-FR\",\"@id\":\"https:\\\/\\\/www.carre-f.com\\\/magasin-73\\\/luminaires-ampoules\\\/#primaryimage\",\"url\":\"https:\\\/\\\/www.carre-f.com\\\/magasin-73\\\/wp-content\\\/uploads\\\/2018\\\/10\\\/min-facebook.jpg\",\"contentUrl\":\"https:\\\/\\\/www.carre-f.com\\\/magasin-73\\\/wp-content\\\/uploads\\\/2018\\\/10\\\/min-facebook.jpg\",\"width\":22,\"height\":22,\"caption\":\"Facebook - Suivez Carre sur les r\u00e9seaux sociaux\"},{\"@type\":\"BreadcrumbList\",\"@id\":\"https:\\\/\\\/www.carre-f.com\\\/magasin-73\\\/luminaires-ampoules\\\/#breadcrumb\",\"itemListElement\":[{\"@type\":\"ListItem\",\"position\":1,\"name\":\"Accueil\",\"item\":\"https:\\\/\\\/www.carre-f.com\\\/magasin-73\\\/\"},{\"@type\":\"ListItem\",\"position\":2,\"name\":\"Luminaires > Ampoules\"}]},{\"@type\":\"WebSite\",\"@id\":\"https:\\\/\\\/www.carre-f.com\\\/magasin-73\\\/#website\",\"url\":\"https:\\\/\\\/www.carre-f.com\\\/magasin-73\\\/\",\"name\":\"Magasin Carre\",\"description\":\"Electrom\u00e9nager, luminaires, chauffage, d\u00e9coration au Pont de Beauvoisin\",\"publisher\":{\"@id\":\"https:\\\/\\\/www.carre-f.com\\\/magasin-73\\\/#organization\"},\"potentialAction\":[{\"@type\":\"SearchAction\",\"target\":{\"@type\":\"EntryPoint\",\"urlTemplate\":\"https:\\\/\\\/www.carre-f.com\\\/magasin-73\\\/?s={search_term_string}\"},\"query-input\":{\"@type\":\"PropertyValueSpecification\",\"valueRequired\":true,\"valueName\":\"search_term_string\"}}],\"inLanguage\":\"fr-FR\"},{\"@type\":\"Organization\",\"@id\":\"https:\\\/\\\/www.carre-f.com\\\/magasin-73\\\/#organization\",\"name\":\"Carre\",\"url\":\"https:\\\/\\\/www.carre-f.com\\\/magasin-73\\\/\",\"logo\":{\"@type\":\"ImageObject\",\"inLanguage\":\"fr-FR\",\"@id\":\"https:\\\/\\\/www.carre-f.com\\\/magasin-73\\\/#\\\/schema\\\/logo\\\/image\\\/\",\"url\":\"https:\\\/\\\/www.carre-f.com\\\/magasin-73\\\/wp-content\\\/uploads\\\/2018\\\/10\\\/LOGO-CARRE.jpg\",\"contentUrl\":\"https:\\\/\\\/www.carre-f.com\\\/magasin-73\\\/wp-content\\\/uploads\\\/2018\\\/10\\\/LOGO-CARRE.jpg\",\"width\":450,\"height\":127,\"caption\":\"Carre\"},\"image\":{\"@id\":\"https:\\\/\\\/www.carre-f.com\\\/magasin-73\\\/#\\\/schema\\\/logo\\\/image\\\/\"},\"sameAs\":[\"https:\\\/\\\/www.facebook.com\\\/Carre-Pont-De-Beauvoisin-73-1447138085501074\\\/\"]}]}<\/script>\n<!-- \/ Yoast SEO plugin. -->","yoast_head_json":{"title":"Luminaires > Ampoules | Carre | Pont de Beauvoisin","description":"Luminaires > Ampoules | Magasin Carre | Raccordements, prises, rallonges, suspensions... | La Baronnie, Le Pont-de-Beauvoisin","robots":{"index":"index","follow":"follow","max-snippet":"max-snippet:-1","max-image-preview":"max-image-preview:large","max-video-preview":"max-video-preview:-1"},"canonical":"https:\/\/www.carre-f.com\/magasin-73\/luminaires-ampoules\/","og_locale":"fr_FR","og_type":"article","og_title":"Luminaires > Ampoules | Carre | Pont de Beauvoisin","og_description":"Luminaires > Ampoules | Magasin Carre | Raccordements, prises, rallonges, suspensions... | La Baronnie, Le Pont-de-Beauvoisin","og_url":"https:\/\/www.carre-f.com\/magasin-73\/luminaires-ampoules\/","og_site_name":"Magasin Carre","article_publisher":"https:\/\/www.facebook.com\/Carre-Pont-De-Beauvoisin-73-1447138085501074\/","article_modified_time":"2019-05-16T15:27:32+00:00","og_image":[{"url":"https:\/\/www.carre-f.com\/magasin-73\/wp-content\/uploads\/2018\/10\/min-facebook.jpg","type":"","width":"","height":""}],"twitter_card":"summary_large_image","twitter_misc":{"Dur\u00e9e de lecture estim\u00e9e":"7 minutes"},"schema":{"@context":"https:\/\/schema.org","@graph":[{"@type":"WebPage","@id":"https:\/\/www.carre-f.com\/magasin-73\/luminaires-ampoules\/","url":"https:\/\/www.carre-f.com\/magasin-73\/luminaires-ampoules\/","name":"Luminaires > Ampoules | Carre | Pont de Beauvoisin","isPartOf":{"@id":"https:\/\/www.carre-f.com\/magasin-73\/#website"},"primaryImageOfPage":{"@id":"https:\/\/www.carre-f.com\/magasin-73\/luminaires-ampoules\/#primaryimage"},"image":{"@id":"https:\/\/www.carre-f.com\/magasin-73\/luminaires-ampoules\/#primaryimage"},"thumbnailUrl":"https:\/\/www.carre-f.com\/magasin-73\/wp-content\/uploads\/2018\/10\/min-facebook.jpg","datePublished":"2018-10-30T11:28:01+00:00","dateModified":"2019-05-16T15:27:32+00:00","description":"Luminaires > Ampoules | Magasin Carre | Raccordements, prises, rallonges, suspensions... | La Baronnie, Le Pont-de-Beauvoisin","breadcrumb":{"@id":"https:\/\/www.carre-f.com\/magasin-73\/luminaires-ampoules\/#breadcrumb"},"inLanguage":"fr-FR","potentialAction":[{"@type":"ReadAction","target":["https:\/\/www.carre-f.com\/magasin-73\/luminaires-ampoules\/"]}]},{"@type":"ImageObject","inLanguage":"fr-FR","@id":"https:\/\/www.carre-f.com\/magasin-73\/luminaires-ampoules\/#primaryimage","url":"https:\/\/www.carre-f.com\/magasin-73\/wp-content\/uploads\/2018\/10\/min-facebook.jpg","contentUrl":"https:\/\/www.carre-f.com\/magasin-73\/wp-content\/uploads\/2018\/10\/min-facebook.jpg","width":22,"height":22,"caption":"Facebook - Suivez Carre sur les r\u00e9seaux sociaux"},{"@type":"BreadcrumbList","@id":"https:\/\/www.carre-f.com\/magasin-73\/luminaires-ampoules\/#breadcrumb","itemListElement":[{"@type":"ListItem","position":1,"name":"Accueil","item":"https:\/\/www.carre-f.com\/magasin-73\/"},{"@type":"ListItem","position":2,"name":"Luminaires > Ampoules"}]},{"@type":"WebSite","@id":"https:\/\/www.carre-f.com\/magasin-73\/#website","url":"https:\/\/www.carre-f.com\/magasin-73\/","name":"Magasin Carre","description":"Electrom\u00e9nager, luminaires, chauffage, d\u00e9coration au Pont de Beauvoisin","publisher":{"@id":"https:\/\/www.carre-f.com\/magasin-73\/#organization"},"potentialAction":[{"@type":"SearchAction","target":{"@type":"EntryPoint","urlTemplate":"https:\/\/www.carre-f.com\/magasin-73\/?s={search_term_string}"},"query-input":{"@type":"PropertyValueSpecification","valueRequired":true,"valueName":"search_term_string"}}],"inLanguage":"fr-FR"},{"@type":"Organization","@id":"https:\/\/www.carre-f.com\/magasin-73\/#organization","name":"Carre","url":"https:\/\/www.carre-f.com\/magasin-73\/","logo":{"@type":"ImageObject","inLanguage":"fr-FR","@id":"https:\/\/www.carre-f.com\/magasin-73\/#\/schema\/logo\/image\/","url":"https:\/\/www.carre-f.com\/magasin-73\/wp-content\/uploads\/2018\/10\/LOGO-CARRE.jpg","contentUrl":"https:\/\/www.carre-f.com\/magasin-73\/wp-content\/uploads\/2018\/10\/LOGO-CARRE.jpg","width":450,"height":127,"caption":"Carre"},"image":{"@id":"https:\/\/www.carre-f.com\/magasin-73\/#\/schema\/logo\/image\/"},"sameAs":["https:\/\/www.facebook.com\/Carre-Pont-De-Beauvoisin-73-1447138085501074\/"]}]}},"publishpress_future_action":{"enabled":false,"date":"2026-05-06 16:14:09","action":"change-status","newStatus":"draft","terms":[],"taxonomy":"","extraData":[]},"publishpress_future_workflow_manual_trigger":{"enabledWorkflows":[]},"_links":{"self":[{"href":"https:\/\/www.carre-f.com\/magasin-73\/wp-json\/wp\/v2\/pages\/969","targetHints":{"allow":["GET"]}}],"collection":[{"href":"https:\/\/www.carre-f.com\/magasin-73\/wp-json\/wp\/v2\/pages"}],"about":[{"href":"https:\/\/www.carre-f.com\/magasin-73\/wp-json\/wp\/v2\/types\/page"}],"author":[{"embeddable":true,"href":"https:\/\/www.carre-f.com\/magasin-73\/wp-json\/wp\/v2\/users\/1"}],"replies":[{"embeddable":true,"href":"https:\/\/www.carre-f.com\/magasin-73\/wp-json\/wp\/v2\/comments?post=969"}],"version-history":[{"count":11,"href":"https:\/\/www.carre-f.com\/magasin-73\/wp-json\/wp\/v2\/pages\/969\/revisions"}],"predecessor-version":[{"id":2884,"href":"https:\/\/www.carre-f.com\/magasin-73\/wp-json\/wp\/v2\/pages\/969\/revisions\/2884"}],"wp:attachment":[{"href":"https:\/\/www.carre-f.com\/magasin-73\/wp-json\/wp\/v2\/media?parent=969"}],"curies":[{"name":"wp","href":"https:\/\/api.w.org\/{rel}","templated":true}]}}